{"version":"1.0","provider_name":"FESTIVOX","provider_url":"https:\/\/www.festivox.fr\/blog","author_name":"Michele","author_url":"https:\/\/www.festivox.fr\/blog\/author\/voxadmin\/","title":"L\u00e9gislatives anticip\u00e9es: Marion Mar\u00e9chal ne sera pas candidate - FESTIVOX","type":"rich","width":600,"height":338,"html":"<blockquote class=\"wp-embedded-content\" data-secret=\"hjWuOMeA1y\"><a href=\"https:\/\/www.festivox.fr\/blog\/legislatives-anticipees-marion-marechal-ne-sera-pas-candidate\/\">L\u00e9gislatives anticip\u00e9es: Marion Mar\u00e9chal ne sera pas candidate<\/a><\/blockquote><iframe sandbox=\"allow-scripts\" security=\"restricted\" src=\"https:\/\/www.festivox.fr\/blog\/legislatives-anticipees-marion-marechal-ne-sera-pas-candidate\/embed\/#?secret=hjWuOMeA1y\" width=\"600\" height=\"338\" title=\"\u00ab\u00a0L\u00e9gislatives anticip\u00e9es: Marion Mar\u00e9chal ne sera pas candidate\u00a0\u00bb &#8212; FESTIVOX\" data-secret=\"hjWuOMeA1y\" frameborder=\"0\" marginwidth=\"0\" marginheight=\"0\" scrolling=\"no\" class=\"wp-embedded-content\"><\/iframe><script type=\"text\/javascript\">\n\/* <![CDATA[ *\/\n\/*! This file is auto-generated *\/\n!function(d,l){\"use strict\";l.querySelector&&d.addEventListener&&\"undefined\"!=typeof URL&&(d.wp=d.wp||{},d.wp.receiveEmbedMessage||(d.wp.receiveEmbedMessage=function(e){var t=e.data;if((t||t.secret||t.message||t.value)&&!\/[^a-zA-Z0-9]\/.test(t.secret)){for(var s,r,n,a=l.querySelectorAll('iframe[data-secret=\"'+t.secret+'\"]'),o=l.querySelectorAll('blockquote[data-secret=\"'+t.secret+'\"]'),c=new RegExp(\"^https?:$\",\"i\"),i=0;i<o.length;i++)o[i].style.display=\"none\";for(i=0;i<a.length;i++)s=a[i],e.source===s.contentWindow&&(s.removeAttribute(\"style\"),\"height\"===t.message?(1e3<(r=parseInt(t.value,10))?r=1e3:~~r<200&&(r=200),s.height=r):\"link\"===t.message&&(r=new URL(s.getAttribute(\"src\")),n=new URL(t.value),c.test(n.protocol))&&n.host===r.host&&l.activeElement===s&&(d.top.location.href=t.value))}},d.addEventListener(\"message\",d.wp.receiveEmbedMessage,!1),l.addEventListener(\"DOMContentLoaded\",function(){for(var e,t,s=l.querySelectorAll(\"iframe.wp-embedded-content\"),r=0;r<s.length;r++)(t=(e=s[r]).getAttribute(\"data-secret\"))||(t=Math.random().toString(36).substring(2,12),e.src+=\"#?secret=\"+t,e.setAttribute(\"data-secret\",t)),e.contentWindow.postMessage({message:\"ready\",secret:t},\"*\")},!1)))}(window,document);\n\/\/# sourceURL=https:\/\/www.festivox.fr\/blog\/wp-includes\/js\/wp-embed.min.js\n\/* ]]> *\/\n<\/script>\n","thumbnail_url":"https:\/\/www.festivox.fr\/blog\/wp-content\/uploads\/2024\/06\/legislatives-anticipees-marion-marechal-ne-sera-pas-candidate.jpg","thumbnail_width":600,"thumbnail_height":400,"description":"L\u2019ancienne t\u00eate de liste Reconqu\u00eate Marion Mar\u00e9chal a annonc\u00e9 jeudi, au lendemain de son exclusion de Reconqu\u00eate, qu\u2019elle ne sera \u00ab pas candidate aux l\u00e9gislatives \u00bb, assurant ne pas d\u00e9missionner de son mandat de d\u00e9put\u00e9e europ\u00e9enne acquis dimanche dernier sous cette banni\u00e8re. Exclue mercredi du parti Reconqu\u00eate par \u00c9ric Zemmour, qu\u2019elle avait rejoint pour la&hellip;"}