{"version":"1.0","provider_name":"FESTIVOX","provider_url":"https:\/\/www.festivox.fr\/blog","author_name":"Michele","author_url":"https:\/\/www.festivox.fr\/blog\/author\/voxadmin\/","title":"Journ\u00e9e internationale du Jazz - FESTIVOX","type":"rich","width":600,"height":338,"html":"<blockquote class=\"wp-embedded-content\" data-secret=\"d9yZk9Afuu\"><a href=\"https:\/\/www.festivox.fr\/blog\/journee-internationale-du-jazz\/\">Journ\u00e9e internationale du Jazz<\/a><\/blockquote><iframe sandbox=\"allow-scripts\" security=\"restricted\" src=\"https:\/\/www.festivox.fr\/blog\/journee-internationale-du-jazz\/embed\/#?secret=d9yZk9Afuu\" width=\"600\" height=\"338\" title=\"\u00ab\u00a0Journ\u00e9e internationale du Jazz\u00a0\u00bb &#8212; FESTIVOX\" data-secret=\"d9yZk9Afuu\" frameborder=\"0\" marginwidth=\"0\" marginheight=\"0\" scrolling=\"no\" class=\"wp-embedded-content\"><\/iframe><script type=\"text\/javascript\">\n\/* <![CDATA[ *\/\n\/*! This file is auto-generated *\/\n!function(d,l){\"use strict\";l.querySelector&&d.addEventListener&&\"undefined\"!=typeof URL&&(d.wp=d.wp||{},d.wp.receiveEmbedMessage||(d.wp.receiveEmbedMessage=function(e){var t=e.data;if((t||t.secret||t.message||t.value)&&!\/[^a-zA-Z0-9]\/.test(t.secret)){for(var s,r,n,a=l.querySelectorAll('iframe[data-secret=\"'+t.secret+'\"]'),o=l.querySelectorAll('blockquote[data-secret=\"'+t.secret+'\"]'),c=new RegExp(\"^https?:$\",\"i\"),i=0;i<o.length;i++)o[i].style.display=\"none\";for(i=0;i<a.length;i++)s=a[i],e.source===s.contentWindow&&(s.removeAttribute(\"style\"),\"height\"===t.message?(1e3<(r=parseInt(t.value,10))?r=1e3:~~r<200&&(r=200),s.height=r):\"link\"===t.message&&(r=new URL(s.getAttribute(\"src\")),n=new URL(t.value),c.test(n.protocol))&&n.host===r.host&&l.activeElement===s&&(d.top.location.href=t.value))}},d.addEventListener(\"message\",d.wp.receiveEmbedMessage,!1),l.addEventListener(\"DOMContentLoaded\",function(){for(var e,t,s=l.querySelectorAll(\"iframe.wp-embedded-content\"),r=0;r<s.length;r++)(t=(e=s[r]).getAttribute(\"data-secret\"))||(t=Math.random().toString(36).substring(2,12),e.src+=\"#?secret=\"+t,e.setAttribute(\"data-secret\",t)),e.contentWindow.postMessage({message:\"ready\",secret:t},\"*\")},!1)))}(window,document);\n\/\/# sourceURL=https:\/\/www.festivox.fr\/blog\/wp-includes\/js\/wp-embed.min.js\n\/* ]]> *\/\n<\/script>\n","thumbnail_url":"https:\/\/www.festivox.fr\/blog\/wp-content\/uploads\/2024\/04\/journee-internationale-du-jazz.jpg","thumbnail_width":600,"thumbnail_height":314,"description":"La Journ\u00e9e internationale du Jazz 2024 sera accueillie pour la premi\u00e8re fois sur le continent africain par la ville de Tanger, au Maroc. La c\u00e9l\u00e9bration durera quatre jours (du 27 au 30 avril) et se terminera par un concert mondial des grands noms du jazz au Palais des arts et de la culture de Tanger.&hellip;"}